{"id":167,"date":"2024-04-27T22:07:52","date_gmt":"2024-04-27T20:07:52","guid":{"rendered":"http:\/\/appelpourdesforetsvivantes.org\/?page_id=167"},"modified":"2024-04-28T00:15:10","modified_gmt":"2024-04-27T22:15:10","slug":"revue-de-presse","status":"publish","type":"page","link":"https:\/\/appelpourdesforetsvivantes.org\/index.php\/revue-de-presse\/","title":{"rendered":"Lire l&rsquo;Appel"},"content":{"rendered":"\n<p class=\"has-text-color has-link-color wp-elements-5eaaee43d625924b5c36f159e0ffdfdb\" id=\"block-e363c61f-e504-4fce-9387-9d0068d72fe9\" style=\"color:#55552f;font-size:39px;font-style:normal;font-weight:600;line-height:1.1\">Appel pour des for\u00eats vivantes&nbsp;:<br>mobilisation contre leur industrialisation<\/p>\n\n\n\n<p id=\"block-147d3652-d0e8-4f41-b91b-0b2f9b80564a\">Les for\u00eats sont riches, diverses, complexes, bref : vivantes. Mais l\u2019industrie aimerait les transformer en monocultures d\u2019arbres bien align\u00e9s, faciles \u00e0 r\u00e9colter, ma\u00eetris\u00e9s. Le gouvernement assume : \u00ab une for\u00eat, \u00e7a se cultive, \u00e7a s\u2019exploite \u00bb. Pendant ce temps la r\u00e9sistance s\u2019organise. Partout en France, des collectifs et des associations s\u2019activent, &nbsp;inventent des alternatives et d\u00e9fendent les for\u00eats. Le temps est venu de front commun contre l\u2019industrialisation des for\u00eats<\/p>\n\n\n\n<p id=\"block-f04bfce3-e5ee-4b8a-98e3-befc74cc2f79\"><strong>Les&nbsp;for\u00eats sont devenues un champ de bataille<\/strong>&nbsp;en proie aux machines et \u00e0 l\u2019app\u00e9tit insatiable des industriels. Partout, dans&nbsp;nos communes, d\u00e9partements et r\u00e9gions de France, nous voyons notre bien commun se faire malmener, les coupes rases et les monocultures se multiplier. C\u2019est un fait palpable que nous \u00e9prouvons au quotidien, une violence que nous ressentons dans notre chair. Le productivisme gagne nos massifs forestiers et plie le vivant aux r\u00e8gles du march\u00e9. Des paysages s\u00e9culaires sont d\u00e9vast\u00e9s parfois en quelques heures&#8230; Les arbres sont moissonn\u00e9s comme du bl\u00e9. Partout, les for\u00eats sont vues comme un gisement in\u00e9puisable que l&rsquo;industrie est appel\u00e9e \u00e0 exploiter et le bois comme un simple mat\u00e9riaux \u00e0 transformer.&nbsp;<\/p>\n\n\n\n<figure class=\"wp-block-image\" id=\"block-2892ea7f-353b-418e-aa81-c6a8fea2a825\"><img decoding=\"async\" src=\"https:\/\/appelpourdesforetsvivantes.org\/wp-content\/uploads\/2024\/04\/capture-d-e-cran-2021-08-01-a-15-53-26-1024x713.png\" alt=\"Mob action STOP aux coupes rases \"\/><figcaption class=\"wp-element-caption\">Dans le Morvan, mobilisation des citoyens pour dire STOP aux coupes rases (cr\u00e9dit: Jean-Luc Pillard \/ Canop\u00e9e)<\/figcaption><\/figure>\n\n\n\n<p class=\"has-text-color has-link-color wp-elements-24221379fdea363ff384a4b9521f9480\" id=\"block-117ed57b-5992-4e52-8173-6a140d0e0440\" style=\"color:#55552f;font-size:32px;font-style:normal;font-weight:600;line-height:1.1\">Depuis cinq ans, l\u2019action du gouvernement est d\u00e9plorable.<\/p>\n\n\n\n<p id=\"block-eb5c44ab-9e95-4591-96b3-d11497f48b88\">Alors que la Convention citoyenne pour le climat avait \u00e9mis des propositions ambitieuses pour les for\u00eats, l\u2019Ex\u00e9cutif a tout fait pour s&rsquo;y opposer, en amoindrir la port\u00e9e et les vider de leur substance. Quant au plan de relance<sup><a href=\"blob:https:\/\/appelpourdesforetsvivantes.org\/a91bd2a3-9c5a-40c6-9c1f-329e9b89d349#9278c4dd-dea6-4180-a841-8c40232326b8\">1<\/a><\/sup>, il a capitul\u00e9 devant les lobbies des planteurs d\u2019arbres sans aucune contrepartie environnementale s\u00e9rieuse.<br>Tout au long du quinquennat, il n\u2019a cess\u00e9 de d\u00e9manteler le service public.<br>Plus de 1 000 postes de travail ont \u00e9t\u00e9 supprim\u00e9s \u00e0 l\u2019Office national des for\u00eats depuis 2017<sup><a href=\"blob:https:\/\/appelpourdesforetsvivantes.org\/a91bd2a3-9c5a-40c6-9c1f-329e9b89d349#fc65a8a6-6ad7-4ecc-831a-eef467395e95\">2<\/a><\/sup>. 475 postes suppl\u00e9mentaires pourraient dispara\u00eetre au cours des cinq prochaines ann\u00e9es.<\/p>\n\n\n\n<p class=\"has-text-color has-link-color wp-elements-d1937b8d4fc9a8982a8b6349504dd788\" id=\"block-235ec456-1dc1-4d55-968f-ebe3f6ffa721\" style=\"color:#55552f;font-size:32px;font-style:normal;font-weight:600;line-height:1.1\">Au&nbsp;sommet de l\u2019\u00c9tat, tout est verrouill\u00e9.<\/p>\n\n\n\n<p id=\"block-cdb70624-52ba-4cbb-b74b-2da80c5f9d85\">Les solutions ne viendront pas d\u2019en haut. Seule une pression, \u00e0 la base, sur le terrain, pourra les faire plier. Dans les couloirs feutr\u00e9s des minist\u00e8res, les industriels d\u00e9ploient leur strat\u00e9gie \u00e0 coup de bulldozers. Le ministre de l\u2019Agriculture, Julien Denormandie, s\u2019en fait le porte-voix.<\/p>\n\n\n\n<p id=\"block-4d4bdfec-d359-4981-94ae-119f34644530\">Dans une lettre adress\u00e9e \u00e0 la Commission europ\u00e9enne<sup><a href=\"blob:https:\/\/appelpourdesforetsvivantes.org\/a91bd2a3-9c5a-40c6-9c1f-329e9b89d349#b5d16fc4-df8e-48ae-9b1e-9ca804173dcd\">3<\/a><\/sup>, il s\u2019est attrist\u00e9 de voir&nbsp;<em>\u00ab&nbsp;les for\u00eats r\u00e9duites \u00e0 des consid\u00e9rations environnementales en ne tenant pas compte des aspects socio-\u00e9conomiques&nbsp;\u00bb.&nbsp;<\/em>A l\u2019Assembl\u00e9e nationale, il a affirm\u00e9 qu\u2019<em>&nbsp;\u00ab&nbsp;une for\u00eat, \u00e7a se cultive, \u00e7a s\u2019exploite&nbsp;\u00bb.<\/em><\/p>\n\n\n\n<p id=\"block-d27bb228-df2b-4247-8234-988b3c28bebc\">Le gouvernement veut accro\u00eetre les pr\u00e9l\u00e8vements en for\u00eat de 70&nbsp;% d\u2019ici 2050<sup><a href=\"blob:https:\/\/appelpourdesforetsvivantes.org\/a91bd2a3-9c5a-40c6-9c1f-329e9b89d349#36f77f43-f743-46cb-8a43-5c40484ac955\">4<\/a><\/sup>&nbsp;et passer d\u2019environ 60&nbsp;millions de m\u00e8tres cubes de bois r\u00e9colt\u00e9s par an \u00e0 plus d\u2019une centaine de million. Nous savons ce que cela implique&nbsp;: une exploitation toujours plus accrue des for\u00eats et une intensification des coupes-rases.<\/p>\n\n\n\n<p id=\"block-bc5b76b8-a4f1-4e26-8678-8405b9636a8c\">Nous ne voulons pas \u00eatre les spectateurs passifs de la destruction en cours.<\/p>\n\n\n\n<figure class=\"wp-block-image\" id=\"block-4cdafdc3-cc7e-412b-a3a3-5a799e2ecd3f\"><img decoding=\"async\" src=\"https:\/\/appelpourdesforetsvivantes.org\/wp-content\/uploads\/2024\/04\/capture-d-e-cran-2021-08-01-a-15-54-54-1024x682.png\" alt=\"L\u2019attribut alt de cette image est vide, son nom de fichier est capture-d-e-cran-2021-08-01-a-15-54-54-1024x682.png.\"\/><figcaption class=\"wp-element-caption\">Dans le Morvan, les for\u00eats de feuillus disparaissent au profit de plantations de Douglas (cr\u00e9dit: Raphael Bodin \/ Canop\u00e9e)<\/figcaption><\/figure>\n\n\n\n<p id=\"block-65ce1e67-4e06-496f-9e98-b23b2b4d49d8\">Il n\u2019y a aucune fatalit\u00e9 \u00e0 la situation actuelle et il ne tient qu\u2019\u00e0 nous d\u2019en inverser la tendance. Un grand mouvement populaire est&nbsp;en train de na\u00eetre autour de la d\u00e9fense des arbres.<br>Apr\u00e8s avoir \u00e9t\u00e9 d\u00e9poss\u00e9d\u00e9.e.s de tout un pan du territoire national, des habitant.e.s, des citoyen.ne.s, des associations, des forestier.e.s ont d\u00e9cid\u00e9 de se le r\u00e9approprier.<\/p>\n\n\n\n<p id=\"block-a088b307-916d-4bae-ad83-c378845678fa\">Nous refusons que les for\u00eats subissent \u00e0 leur tour la logique industrielle qui a ravag\u00e9 et ravage encore&nbsp; l\u2019agriculture, qui d\u00e9truit des m\u00e9tiers et des savoir-faire reconnus et appauvrit la biodiversit\u00e9.&nbsp;<\/p>\n\n\n\n<p class=\"has-text-color has-link-color wp-elements-45f78889406ccef55d54e10e43743058\" id=\"block-8af7990a-1608-4331-8bbd-7e9c82707214\" style=\"color:#55552f;font-size:32px;font-style:normal;font-weight:600;line-height:1.1\">Partout, localement, des r\u00e9sistances sont d\u00e9j\u00e0 \u00e0 l\u2019\u0153uvre.<\/p>\n\n\n\n<p id=\"block-827d9528-5f51-4f0d-9576-74e5ae0f4abe\">Des alternatives \u00e9closent, des alliances naissent. D\u2019autres imaginaires s\u2019inventent. Ici, on ach\u00e8te des for\u00eats pour les g\u00e9rer de mani\u00e8re soutenable ou les laisser en libre \u00e9volution. L\u00e0, on d\u00e9veloppe des circuits courts de la grume \u00e0 la poutre. L\u00e0-bas, on s\u2019oppose \u00e0 un projet de m\u00e9ga-scierie.<\/p>\n\n\n\n<p id=\"block-95bbe9b4-ec10-483e-b4a9-0651b748e513\">Des associations s\u2019engagent pour faire bouger la loi, des forestiers parviennent \u00e0 s\u2019extraire de pratiques sylvicoles qu\u2019ils savent nocives pour se tourner vers une sylviculture douce, des habitant.e.s cr\u00e9ent des vigies citoyennes.<\/p>\n\n\n\n<p id=\"block-1dd121bf-4604-4d7c-a0ed-57e9da9cc596\">Des personnels de l\u2019ONF se mettent aussi en gr\u00e8ve. Nos luttes sont multiples. Nos actions s\u2019enrichissent mutuellement. Elles font bruisser le monde que nous souhaitons voir advenir. Elles lui donnent corps.<\/p>\n\n\n\n<p id=\"block-09d3e055-c44a-447f-97b5-4eaf9089b699\"><strong>Mais ce n\u2019est pas suffisant. Pour gagner, nous devons passer \u00e0 un cran sup\u00e9rieur<\/strong>, tisser la toile d\u2019un r\u00e9cit commun, constituer un front. Tout porte \u00e0 croire que c\u2019est maintenant ou jamais. Nos for\u00eats sont \u00e0 la crois\u00e9e des chemins.<\/p>\n\n\n\n<figure class=\"wp-block-image\" id=\"block-c6a4145b-f1e4-4246-bfde-a658b10feab4\"><img decoding=\"async\" src=\"https:\/\/appelpourdesforetsvivantes.org\/wp-content\/uploads\/2024\/04\/capture-d-e-cran-2021-08-01-a-15-56-24-1024x686.png\" alt=\"L\u2019attribut alt de cette image est vide, son nom de fichier est capture-d-e-cran-2021-08-01-a-15-56-24-1024x686.png.\"\/><figcaption class=\"wp-element-caption\">C\u2019est la coop\u00e9rative foresti\u00e8re Unisylva, adh\u00e9rente au label PEFC, qui a r\u00e9alis\u00e9 cette coupe rase: l\u2019ensemble des bois sont donc \u00ab certifi\u00e9s \u00bb \u00eatre issus d\u2019une gestion durable des for\u00eats.<\/figcaption><\/figure>\n\n\n\n<p class=\"has-text-color has-link-color wp-elements-35e051c212f83dfd0845b1d1314f7e93\" id=\"block-87bda0a1-5a5b-4978-aa13-8dd671789a8e\" style=\"color:#55552f;font-size:32px;font-style:normal;font-weight:600;line-height:1.1\">Nous appelons \u00e0 une ann\u00e9e de mobilisation pour les for\u00eats fran\u00e7aises.<\/p>\n\n\n\n<p id=\"block-3393ba4f-59de-4fa3-a35e-9927d1416248\">La&nbsp;question des for\u00eats ne concerne pas seulement l\u2019autre bout de la plan\u00e8te l\u2019Amazonie,&nbsp;la Sib\u00e9rie ou&nbsp;l&rsquo;Ouest Canadien qui sont touch\u00e9s par les grands feux ou la d\u00e9forestation.<br>Elle se joue ici sur nos territoires, en bas de chez nous.<br>Ici aussi, les cons\u00e9quences du r\u00e9chauffement climatique se font sentir, les s\u00e9cheresses repr\u00e9sentent une menace devenue r\u00e9alit\u00e9, les for\u00eats d\u00e9p\u00e9rissent et la vision extractiviste continue de se propager. Ici aussi, les indicateurs sont dans le rouge.<\/p>\n\n\n\n<p id=\"block-304ce106-366b-4d42-b254-c3666534df0d\">L\u2019horizon se couvre.&nbsp;<strong>Il y a urgence \u00e0 agir.<\/strong><br><strong>Nous appelons chaque collectif et association engag\u00e9s dans les for\u00eats \u00e0 participer \u00e0 une campagne nationale contre leur industrialisation.<\/strong><\/p>\n\n\n\n<figure class=\"wp-block-image\" id=\"block-72062b69-7855-4b04-9e76-08981c220a1b\"><img decoding=\"async\" src=\"https:\/\/appelpourdesforetsvivantes.org\/wp-content\/uploads\/2024\/04\/capture-d-e-cran-2021-08-01-a-15-59-40-1024x684.png\" alt=\"Manifestation dans un bois et pancarte &quot;Stop aux coupes rases&quot;\"\/><figcaption class=\"wp-element-caption\">Plus de 550 personnes ont particip\u00e9 \u00e0 l\u2019action \u00e0 l\u2019appel de Canop\u00e9e, du collectif SOS For\u00eat et de 28 associations locales (cr\u00e9dit: Raphael Bodin \/ Canop\u00e9e)<\/figcaption><\/figure>\n\n\n\n<p id=\"block-7acc89ec-008e-43ba-9d41-dad4a1e92542\"><em>Celle-ci se d\u00e9roulera au cours des trois prochaines saisons, en trois temps. C\u2019est une premi\u00e8re \u00e9tape, le d\u00e9but d\u2019une lente mont\u00e9e de s\u00e8ve&nbsp;!<\/em><\/p>\n\n\n\n<p class=\"has-text-color has-link-color wp-elements-ad8b92ea63480033b365b43a3f749b63\" id=\"block-199467b3-0eec-4427-a2a5-57bf66c95a23\" style=\"color:#55552f;font-size:32px;font-style:normal;font-weight:600;line-height:1.1\"><em>SAISON 1&nbsp;: En automne, nous ferons \u00e9clater les couleurs chatoyantes de nos luttes&nbsp;!<\/em><\/p>\n\n\n\n<p id=\"block-faa19d40-06aa-490a-886e-e68fc25a2c36\"><strong>Le week-end du 16 et 17 octobre<\/strong>, nous invitons chaque association et collectif d\u2019habitant.e.s \u00e0 organiser une action localement sur son territoire. Pour que le plus grand monde puisse y participer \u00e0 sa mani\u00e8re, avec son \u00e9lan et son \u00e9nergie, nous nous donnons un cadre d&rsquo;action non-violent ce qui n&rsquo;exclut pas les actions de d\u00e9sob\u00e9issance civile. Nous ferons r\u00e9sonner ces luttes au m\u00eame moment sous un m\u00eame cri de ralliement. Contre leur industrialisation et leurs grands projets inutiles, nous montrerons les forces de nos alternatives et d\u00e9fendrons le maintien d\u2019un service public forestier digne de ce nom&nbsp;! Nous appelons aussi \u00e0 ce que cesse l&rsquo;exploitation forcen\u00e9e des travailleurs de la for\u00eat, b\u00fbcherons, d\u00e9bardeurs et de tous les auto entrepreneurs taillables et corv\u00e9ables.<\/p>\n\n\n\n<p id=\"block-e1865471-587e-4b90-bc7b-ad234ee8bc93\"><em>#Pourdesfor\u00eatsvivantes<\/em><br><em>#stopindustrialisation<\/em><\/p>\n\n\n\n<p id=\"block-4103a661-bc49-4173-8429-ac36847c91a4\">Nous&nbsp;invitons chaque collectif \u00e0 nous contacter et \u00e0 se pr\u00e9senter pour&nbsp;que nous puissions en amont r\u00e9pertorier&nbsp;leur mobilisation sur une carte&nbsp;interactive en nous \u00e9crivant \u00e0 l\u2019adresse&nbsp;<a href=\"mailto:pourdesforetsvivantes@riseup.net\" target=\"_blank\" rel=\"noreferrer noopener\">pourdesforetsvivantes@<\/a>riseup.net<br>D\u2019autres infos&nbsp;viendront \u00e0 partir de septembre.<\/p>\n\n\n\n<p id=\"block-d05ab990-ade0-4d86-b5db-18aa9104ae4d\">Nous pouvons d\u00e9j\u00e0 dire que dans le Morvan, des groupes locaux pr\u00e9voient de planter une for\u00eat diversifi\u00e9e sur une ancienne coupe rase. Dans le Limousin, des habitant.e.s et des associations appellent \u00e0 une marche. Tandis que dans les Pyr\u00e9n\u00e9es, le collectif Touche pas \u00e0 ma for\u00eat se mobilise contre le projet de m\u00e9ga scierie Florian. D&rsquo;autres actions sont \u00e0 pr\u00e9voir. &nbsp;<\/p>\n\n\n\n<p class=\"has-text-color has-link-color wp-elements-e1a2532153e6d655f593dc6ec48daefc\" id=\"block-d77925bd-6207-4e47-ae61-afac624d5833\" style=\"color:#55552f;font-size:32px;font-style:normal;font-weight:600;line-height:1.1\"><em>SAISON 2&nbsp;: En hiver, nous ferons fructifier nos imaginaires&nbsp;!<\/em><\/p>\n\n\n\n<p id=\"block-c3cb4db5-15bc-478f-81e9-9e5954eebe2a\"><strong>L\u2019hiver sera propice \u00e0 la rencontre.&nbsp;<\/strong>Apr\u00e8s une premi\u00e8re action sur chacun de nos territoires le 16-17 octobre, nous nous retrouverons d\u00e9but d\u00e9cembre pour une grande assembl\u00e9e des luttes et des alternatives foresti\u00e8res. Si nous voulons construire le mouvement dans la dur\u00e9e, tenir dans l\u2019adversit\u00e9, cela passe selon nous par une culture commune qui manque encore et que nous devons enrichir puis faire cro\u00eetre comme un maquis<em>.<\/em><\/p>\n\n\n\n<p class=\"has-text-color has-link-color wp-elements-dcfefb04b76f5c5bd128df304a31d24f\" id=\"block-027c8cf8-6d7e-4eac-97f6-efb64bc08704\" style=\"color:#55552f;font-size:32px;font-style:normal;font-weight:600;line-height:1.1\"><em>SAISON 3&nbsp;: Au printemps, nous lancerons une grande action d\u2019envergure&nbsp;!<\/em><\/p>\n\n\n\n<p id=\"block-7d44986c-94b9-432b-aac7-e25570f83ca4\">Alors qu\u2019au printemps, tout rena\u00eet, nous laisserons nos jeunes pousses se d\u00e9ployer.&nbsp;<strong>Nous pr\u00e9voyons d\u2019organiser tous ensemble une action de d\u00e9sob\u00e9issance civile&nbsp;<\/strong>dans un lieu pr\u00e9cis pour marquer notre pr\u00e9sence et montrer que nous ne sommes pas dupes des tentatives de greenwashing. L\u2019action aura lieu une semaine avant la journ\u00e9e internationale des for\u00eats, un \u00e9v\u00e9nement devenu lisse et r\u00e9cup\u00e9r\u00e9 par les industriels. Avec ce coup d\u2019\u00e9clat, nous avons bien l\u2019intention de d\u00e9tourner les projecteurs. A l\u2019\u00e9talage des bons sentiments, nous opposerons la vitalit\u00e9 de nos luttes et les espoirs qu\u2019elles soul\u00e8vent.<\/p>\n\n\n\n<p class=\"has-text-color has-link-color wp-elements-0c324ebc0b2bffa256e5b7e6edd824fd\" id=\"block-eccf1299-37ad-42ec-9478-af54ee3660ec\" style=\"color:#55552f;font-size:32px;font-style:normal;font-weight:600;line-height:1.1\">Ce n\u2019est que le commencement.<\/p>\n\n\n\n<p class=\"has-text-color has-link-color wp-elements-cf25faaa8fe2abb3593215635f358c54\" id=\"block-01ee1557-ffe6-4e43-836b-72cebeb7e1d9\" style=\"color:#55552f;font-size:32px;font-style:normal;font-weight:600;line-height:1.1\">Les pr\u00e9mices d\u2019un mouvement.<\/p>\n\n\n\n<p class=\"has-text-color has-link-color wp-elements-b400327031488279de9b08b50f3aacc9\" id=\"block-fd9fc2e7-1513-4e30-b560-d64de64b0513\" style=\"color:#55552f;font-size:32px;font-style:normal;font-weight:600;line-height:1.1\">Retrouvons-nous&nbsp;!<\/p>\n\n\n\n<ol class=\"wp-block-list\" id=\"block-3c8e24a4-8230-4fcf-b492-6ff150505319\">\n<li><a href=\"https:\/\/reporterre.net\/Le-hold-up-des-planteurs-d-arbres-sur-le-plan-de-relance\">https:\/\/reporterre.net\/Le-hold-up-des-planteurs-d-arbres-sur-le-plan-de-relance<\/a>&nbsp;<a href=\"blob:https:\/\/appelpourdesforetsvivantes.org\/a91bd2a3-9c5a-40c6-9c1f-329e9b89d349#9278c4dd-dea6-4180-a841-8c40232326b8-link\">\u21a9\ufe0e<\/a><\/li>\n\n\n\n<li><a href=\"https:\/\/reporterre.net\/Les-effectifs-des-gardes-forestiers-sont-tailles-a-la-hache\">&nbsp;https:\/\/reporterre.net\/Les-effectifs-des-gardes-forestiers-sont-tailles-a-la-hache<\/a>&nbsp;<a href=\"blob:https:\/\/appelpourdesforetsvivantes.org\/a91bd2a3-9c5a-40c6-9c1f-329e9b89d349#fc65a8a6-6ad7-4ecc-831a-eef467395e95-link\">\u21a9\ufe0e<\/a><\/li>\n\n\n\n<li><a href=\"https:\/\/www.lemonde.fr\/planete\/article\/2021\/07\/10\/le-ministre-de-l-agriculture-rallie-le-camp-des-defenseurs-d-une-exploitation-intensive-des-forets_6087840_3244.html\">https:\/\/www.lemonde.fr\/planete\/article\/2021\/07\/10\/le-ministre-de-l-agriculture-rallie-le-camp-des-defenseurs-d-une-exploitation-intensive-des-forets_6087840_3244.html<\/a>&nbsp;<a href=\"blob:https:\/\/appelpourdesforetsvivantes.org\/a91bd2a3-9c5a-40c6-9c1f-329e9b89d349#b5d16fc4-df8e-48ae-9b1e-9ca804173dcd-link\">\u21a9\ufe0e<\/a><\/li>\n\n\n\n<li><a href=\"https:\/\/www.alternatives-economiques.fr\/france-veut-couper-arbres-couper-emissions\/00098486\">https:\/\/www.alternatives-economiques.fr\/france-veut-couper-arbres-couper-emissions\/00098486<\/a>&nbsp;<a href=\"blob:https:\/\/appelpourdesforetsvivantes.org\/a91bd2a3-9c5a-40c6-9c1f-329e9b89d349#36f77f43-f743-46cb-8a43-5c40484ac955-link\">\u21a9\ufe0e<\/a><\/li>\n<\/ol>\n","protected":false},"excerpt":{"rendered":"<p>Appel pour des for\u00eats vivantes&nbsp;:mobilisation contre leur industrialisation Les for\u00eats sont riches, diverses, complexes, bref : vivantes. Mais l\u2019industrie aimerait les transformer en monocultures d\u2019arbres bien align\u00e9s, faciles \u00e0 r\u00e9colter, ma\u00eetris\u00e9s. Le gouvernement assume : \u00ab une for\u00eat, \u00e7a se cultive, \u00e7a s\u2019exploite \u00bb. Pendant ce temps la r\u00e9sistance s\u2019organise. Partout en France, des collectifs &hellip; <\/p>\n<p class=\"link-more\"><a href=\"https:\/\/appelpourdesforetsvivantes.org\/index.php\/revue-de-presse\/\" class=\"more-link\">Continuer la lecture<span class=\"screen-reader-text\"> de &laquo;&nbsp;Lire l&rsquo;Appel&nbsp;&raquo;<\/span><\/a><\/p>\n","protected":false},"author":1,"featured_media":0,"parent":0,"menu_order":0,"comment_status":"closed","ping_status":"closed","template":"","meta":{"footnotes":""},"class_list":["post-167","page","type-page","status-publish","hentry"],"_links":{"self":[{"href":"https:\/\/appelpourdesforetsvivantes.org\/index.php\/wp-json\/wp\/v2\/pages\/167","targetHints":{"allow":["GET"]}}],"collection":[{"href":"https:\/\/appelpourdesforetsvivantes.org\/index.php\/wp-json\/wp\/v2\/pages"}],"about":[{"href":"https:\/\/appelpourdesforetsvivantes.org\/index.php\/wp-json\/wp\/v2\/types\/page"}],"author":[{"embeddable":true,"href":"https:\/\/appelpourdesforetsvivantes.org\/index.php\/wp-json\/wp\/v2\/users\/1"}],"replies":[{"embeddable":true,"href":"https:\/\/appelpourdesforetsvivantes.org\/index.php\/wp-json\/wp\/v2\/comments?post=167"}],"version-history":[{"count":8,"href":"https:\/\/appelpourdesforetsvivantes.org\/index.php\/wp-json\/wp\/v2\/pages\/167\/revisions"}],"predecessor-version":[{"id":230,"href":"https:\/\/appelpourdesforetsvivantes.org\/index.php\/wp-json\/wp\/v2\/pages\/167\/revisions\/230"}],"wp:attachment":[{"href":"https:\/\/appelpourdesforetsvivantes.org\/index.php\/wp-json\/wp\/v2\/media?parent=167"}],"curies":[{"name":"wp","href":"https:\/\/api.w.org\/{rel}","templated":true}]}}